{"id":11225,"date":"2021-10-13T13:21:07","date_gmt":"2021-10-13T11:21:07","guid":{"rendered":"https:\/\/www.saprima.de\/?page_id=11225"},"modified":"2021-10-13T13:21:08","modified_gmt":"2021-10-13T11:21:08","slug":"visuelles-management","status":"publish","type":"page","link":"https:\/\/www.saprima.de\/en\/visuelles-management\/","title":{"rendered":"Visuelles Management"},"content":{"rendered":"<p>Pr<strong>ojekte werden in Excel<\/strong>, MS-Projekt oder einem anderen vergleichbaren Tool geplant. <strong>Kapazit\u00e4tsplanung <\/strong>der Mitarbeiter wird von Ressourceverantwortlichen in unterschiedlichsten Excel Sheets gepflegt. Zus\u00e4tzlich kommen<strong> Urlaubstage, Fehlzeiten, Ist-Stunden aus unterschiedlichen Systemen<\/strong>. Der gesammte Blick auf ein Projekt kann so Zeit und Nerver kosten.<strong> Leanmanagement erstellt eine schnellere \u00dcbersicht<\/strong> durch das Entschlackung von Tools, Prozessen und Wokflows.<\/p>\n\n\n\n<p class=\"has-text-align-left\"><strong><a href=\"https:\/\/www.saprima.de\/en\/lean-management\/\" target=\"_blank\" rel=\"noreferrer noopener\">Leanmanagement hat sich zur Aufgabe gemacht, sich diesem Problem anzunehmen. <\/a> Durch unseren hybriden und dynamischen Ansatz, ist es m\u00f6glich Sie auf allen Wegen im Lean-Management zu unterst\u00fctzten. <\/strong><\/p>\n\n\n\n<h2 class=\"wp-block-heading\">Visuell und Lean<\/h2>\n\n\n\n<p>Durch unser Gantt-Diagramm ist es m\u00f6glich Projekt Phasen, Gewerke, Arbeitspakete und andere <strong>Intitiativen zu planen und auszugeben<\/strong>. Anschlie\u00dfend k\u00f6nnen diese verkettet werden, sodass der Vorg\u00e4nger und Nachfolger eingetragen ist. <strong>Durch diese Abh\u00e4ngigkeit ist es m\u00f6glich, die l\u00e4nge des Projekts zu bestimmen<\/strong>. Ebenfalls k\u00f6nnen alle Nachfolger nach hinten verschoben werden, wenn eine Phase l\u00e4nger dauert als erwartet.<\/p>\n\n\n\n<div class=\"wp-block-group\"><div class=\"wp-block-group__inner-container is-layout-flow wp-block-group-is-layout-flow\">\n<figure class=\"wp-block-image size-full\"><img loading=\"lazy\" decoding=\"async\" width=\"1722\" height=\"517\" src=\"https:\/\/www.saprima.de\/wp-content\/uploads\/Gantt-LEAN.png\" alt=\"\" class=\"wp-image-11269\" title=\"\" srcset=\"https:\/\/www.saprima.de\/wp-content\/uploads\/Gantt-LEAN.png 1722w, https:\/\/www.saprima.de\/wp-content\/uploads\/Gantt-LEAN-300x90.png 300w, https:\/\/www.saprima.de\/wp-content\/uploads\/Gantt-LEAN-1024x307.png 1024w, https:\/\/www.saprima.de\/wp-content\/uploads\/Gantt-LEAN-768x231.png 768w, https:\/\/www.saprima.de\/wp-content\/uploads\/Gantt-LEAN-1536x461.png 1536w, https:\/\/www.saprima.de\/wp-content\/uploads\/Gantt-LEAN-16x5.png 16w\" sizes=\"auto, (max-width: 1722px) 100vw, 1722px\" \/><\/figure>\n<\/div><\/div>\n\n\n\n<p>In saprima Gantt kann an dieser Stelle auch direkt abgesch\u00e4tzt werden, wie sich Ver\u00e4nderungen in der Ausf\u00fchrung des Projekts auf die Termintreue auswirken. Wenn Sie etwas in der Grob- oder Feinstruktur \u00e4ndern, \u00e4ndert sich die Termine dahinter mit.<\/p>\n\n\n\n<p>Ebenfalls lassen sich in der <strong>groben Rollenplanung <\/strong>auf die jeweiligen Phasen zuweisen. Diese erm\u00f6glichen es bereits zu einem fr\u00fchen Projektstatus eine abstrakte Ressourcen-, Team- oder Zulieferer-Planung durchzuf\u00fchren, was den Lean-Ansatz unterst\u00fctzt.<strong> Dadurch haben wir bereits zu einer fr\u00fchen Phase eine klare Auskunft \u00fcber die Ressourcenlast zu jedem Zeitpunkt im Projekt<\/strong>. So k\u00f6nnen bereits an fr\u00fcher Phase Engp\u00e4sse entdeckt und eine Umverteilung der Ressourcen und neu Terminierung vorgenommen werden.<\/p>\n\n\n\n<h2 class=\"wp-block-heading\">Visuelles Mangement<\/h2>\n\n\n\n<p>Sobald das Projekt gestartet ist sollte eine kontinuierliche Kommunikation innerhalb des Teams zustande kommen. Hierzu eignet sich der Scum Ansatz, welcher beispielsweise einen t\u00e4glichen Termin vorschl\u00e4gt. Innerhalb dieses Meetings kann zur Unterst\u00fctztung f\u00fcr das visuelle Management das saprima <strong>Kanban-Board<\/strong> ge\u00f6ffnet werden.<\/p>\n\n\n\n<figure class=\"wp-block-image size-full\"><img loading=\"lazy\" decoding=\"async\" width=\"1296\" height=\"781\" src=\"https:\/\/www.saprima.de\/wp-content\/uploads\/Kanban_Board-2.png\" alt=\"\" class=\"wp-image-11293\" srcset=\"https:\/\/www.saprima.de\/wp-content\/uploads\/Kanban_Board-2.png 1296w, https:\/\/www.saprima.de\/wp-content\/uploads\/Kanban_Board-2-300x181.png 300w, https:\/\/www.saprima.de\/wp-content\/uploads\/Kanban_Board-2-1024x617.png 1024w, https:\/\/www.saprima.de\/wp-content\/uploads\/Kanban_Board-2-768x463.png 768w, https:\/\/www.saprima.de\/wp-content\/uploads\/Kanban_Board-2-16x10.png 16w\" sizes=\"auto, (max-width: 1296px) 100vw, 1296px\" \/><\/figure>\n\n\n\n<p>Ebenfalls gibt es die M\u00f6glichkeit das <strong>Visuelle Mangement Board<\/strong> zu nutzen. Hier k\u00f6nnen Sie alle Phasen f\u00fcr ihr Projekt oder Teilprojekt anzeigen lassen. Bei Verz\u00f6gerungen innerhalb Ihres Projekts, k\u00f6nnen die Karten mit den Arbeitsphasen nach Datum verschoben werden. Somit haben Sie die Flexibilit\u00e4t schnell auf nicht vorhergesehene Umst\u00e4nde einzugehen.<\/p>\n\n\n\n<figure class=\"wp-block-image size-full\"><img loading=\"lazy\" decoding=\"async\" width=\"1482\" height=\"549\" src=\"https:\/\/www.saprima.de\/wp-content\/uploads\/Visuelles_Management_Zeit_LEAN.png\" alt=\"\" class=\"wp-image-11280\" srcset=\"https:\/\/www.saprima.de\/wp-content\/uploads\/Visuelles_Management_Zeit_LEAN.png 1482w, https:\/\/www.saprima.de\/wp-content\/uploads\/Visuelles_Management_Zeit_LEAN-300x111.png 300w, https:\/\/www.saprima.de\/wp-content\/uploads\/Visuelles_Management_Zeit_LEAN-1024x379.png 1024w, https:\/\/www.saprima.de\/wp-content\/uploads\/Visuelles_Management_Zeit_LEAN-768x285.png 768w, https:\/\/www.saprima.de\/wp-content\/uploads\/Visuelles_Management_Zeit_LEAN-16x6.png 16w\" sizes=\"auto, (max-width: 1482px) 100vw, 1482px\" \/><\/figure>\n\n\n\n<p>Diese Ver\u00e4nderung zieht sich dank unserer konsistenten Datenstruktur in allen Oberfl\u00e4chen durch. So erhalten Sie innerhalb der Gantt-\u00dcbersicht ebenfalls die aktuellen Daten.<\/p>","protected":false},"excerpt":{"rendered":"<p>Projekte werden in Excel, MS-Projekt oder einem anderen vergleichbaren Tool geplant. Kapazit\u00e4tsplanung der Mitarbeiter wird von Ressourceverantwortlichen in unterschiedlichsten Excel Sheets gepflegt. Zus\u00e4tzlich kommen Urlaubstage, Fehlzeiten, Ist-Stunden aus unterschiedlichen Systemen.&hellip; <br \/> <a class=\"read-more\" href=\"https:\/\/www.saprima.de\/en\/visuelles-management\/\">Read more<\/a><\/p>","protected":false},"author":2,"featured_media":0,"parent":0,"menu_order":0,"comment_status":"closed","ping_status":"closed","template":"","meta":{"_price":"","_stock":"","_tribe_ticket_header":"","_tribe_default_ticket_provider":"","_tribe_ticket_capacity":"0","_ticket_start_date":"","_ticket_end_date":"","_tribe_ticket_show_description":"","_tribe_ticket_show_not_going":false,"_tribe_ticket_use_global_stock":"","_tribe_ticket_global_stock_level":"","_global_stock_mode":"","_global_stock_cap":"","_tribe_rsvp_for_event":"","_tribe_ticket_going_count":"","_tribe_ticket_not_going_count":"","_tribe_tickets_list":"[]","_tribe_ticket_has_attendee_info_fields":false,"footnotes":""},"class_list":["post-11225","page","type-page","status-publish","hentry"],"yoast_head":"<!-- This site is optimized with the Yoast SEO plugin v27.5 - https:\/\/yoast.com\/product\/yoast-seo-wordpress\/ -->\n<title>Visuelles Management - saprima\u00ae - Compose your Success<\/title>\n<meta name=\"robots\" content=\"index, follow, max-snippet:-1, max-image-preview:large, max-video-preview:-1\" \/>\n<link rel=\"canonical\" href=\"https:\/\/www.saprima.de\/en\/visuelles-management\/\" \/>\n<meta property=\"og:locale\" content=\"en_GB\" \/>\n<meta property=\"og:type\" content=\"article\" \/>\n<meta property=\"og:title\" content=\"Visuelles Management - saprima\u00ae - Compose your Success\" \/>\n<meta property=\"og:description\" content=\"Projekte werden in Excel, MS-Projekt oder einem anderen vergleichbaren Tool geplant. Kapazit\u00e4tsplanung der Mitarbeiter wird von Ressourceverantwortlichen in unterschiedlichsten Excel Sheets gepflegt. Zus\u00e4tzlich kommen Urlaubstage, Fehlzeiten, Ist-Stunden aus unterschiedlichen Systemen.&hellip; Read more\" \/>\n<meta property=\"og:url\" content=\"https:\/\/www.saprima.de\/en\/visuelles-management\/\" \/>\n<meta property=\"og:site_name\" content=\"saprima\u00ae - Compose your Success\" \/>\n<meta property=\"article:modified_time\" content=\"2021-10-13T11:21:08+00:00\" \/>\n<meta property=\"og:image\" content=\"https:\/\/www.saprima.de\/wp-content\/uploads\/Gantt-LEAN.png\" \/>\n<meta name=\"twitter:card\" content=\"summary_large_image\" \/>\n<meta name=\"twitter:site\" content=\"@saprima1\" \/>\n<meta name=\"twitter:label1\" content=\"Estimated reading time\" \/>\n\t<meta name=\"twitter:data1\" content=\"2 minutes\" \/>\n<script type=\"application\/ld+json\" class=\"yoast-schema-graph\">{\"@context\":\"https:\\\/\\\/schema.org\",\"@graph\":[{\"@type\":\"WebPage\",\"@id\":\"https:\\\/\\\/www.saprima.de\\\/visuelles-management\\\/\",\"url\":\"https:\\\/\\\/www.saprima.de\\\/visuelles-management\\\/\",\"name\":\"Visuelles Management - saprima\u00ae - Compose your Success\",\"isPartOf\":{\"@id\":\"https:\\\/\\\/www.saprima.de\\\/de\\\/#website\"},\"primaryImageOfPage\":{\"@id\":\"https:\\\/\\\/www.saprima.de\\\/visuelles-management\\\/#primaryimage\"},\"image\":{\"@id\":\"https:\\\/\\\/www.saprima.de\\\/visuelles-management\\\/#primaryimage\"},\"thumbnailUrl\":\"https:\\\/\\\/www.saprima.de\\\/wp-content\\\/uploads\\\/Gantt-LEAN.png\",\"datePublished\":\"2021-10-13T11:21:07+00:00\",\"dateModified\":\"2021-10-13T11:21:08+00:00\",\"breadcrumb\":{\"@id\":\"https:\\\/\\\/www.saprima.de\\\/visuelles-management\\\/#breadcrumb\"},\"inLanguage\":\"en-GB\",\"potentialAction\":[{\"@type\":\"ReadAction\",\"target\":[\"https:\\\/\\\/www.saprima.de\\\/visuelles-management\\\/\"]}]},{\"@type\":\"ImageObject\",\"inLanguage\":\"en-GB\",\"@id\":\"https:\\\/\\\/www.saprima.de\\\/visuelles-management\\\/#primaryimage\",\"url\":\"https:\\\/\\\/www.saprima.de\\\/wp-content\\\/uploads\\\/Gantt-LEAN.png\",\"contentUrl\":\"https:\\\/\\\/www.saprima.de\\\/wp-content\\\/uploads\\\/Gantt-LEAN.png\"},{\"@type\":\"BreadcrumbList\",\"@id\":\"https:\\\/\\\/www.saprima.de\\\/visuelles-management\\\/#breadcrumb\",\"itemListElement\":[{\"@type\":\"ListItem\",\"position\":1,\"name\":\"Startseite\",\"item\":\"https:\\\/\\\/www.saprima.de\\\/\"},{\"@type\":\"ListItem\",\"position\":2,\"name\":\"Visuelles Management\"}]},{\"@type\":\"WebSite\",\"@id\":\"https:\\\/\\\/www.saprima.de\\\/de\\\/#website\",\"url\":\"https:\\\/\\\/www.saprima.de\\\/de\\\/\",\"name\":\"saprima\u00ae\",\"description\":\"\",\"publisher\":{\"@id\":\"https:\\\/\\\/www.saprima.de\\\/de\\\/#organization\"},\"potentialAction\":[{\"@type\":\"SearchAction\",\"target\":{\"@type\":\"EntryPoint\",\"urlTemplate\":\"https:\\\/\\\/www.saprima.de\\\/de\\\/?s={search_term_string}\"},\"query-input\":{\"@type\":\"PropertyValueSpecification\",\"valueRequired\":true,\"valueName\":\"search_term_string\"}}],\"inLanguage\":\"en-GB\"},{\"@type\":\"Organization\",\"@id\":\"https:\\\/\\\/www.saprima.de\\\/de\\\/#organization\",\"name\":\"saprima GmbH\",\"url\":\"https:\\\/\\\/www.saprima.de\\\/de\\\/\",\"logo\":{\"@type\":\"ImageObject\",\"inLanguage\":\"en-GB\",\"@id\":\"https:\\\/\\\/www.saprima.de\\\/de\\\/#\\\/schema\\\/logo\\\/image\\\/\",\"url\":\"https:\\\/\\\/www.saprima.de\\\/wp-content\\\/uploads\\\/saprima_final_transp.png\",\"contentUrl\":\"https:\\\/\\\/www.saprima.de\\\/wp-content\\\/uploads\\\/saprima_final_transp.png\",\"width\":1468,\"height\":938,\"caption\":\"saprima GmbH\"},\"image\":{\"@id\":\"https:\\\/\\\/www.saprima.de\\\/de\\\/#\\\/schema\\\/logo\\\/image\\\/\"},\"sameAs\":[\"https:\\\/\\\/x.com\\\/saprima1\",\"https:\\\/\\\/www.youtube.com\\\/user\\\/saprima2011\"]}]}<\/script>\n<!-- \/ Yoast SEO plugin. -->","yoast_head_json":{"title":"Visuelles Management - saprima\u00ae - Compose your Success","robots":{"index":"index","follow":"follow","max-snippet":"max-snippet:-1","max-image-preview":"max-image-preview:large","max-video-preview":"max-video-preview:-1"},"canonical":"https:\/\/www.saprima.de\/en\/visuelles-management\/","og_locale":"en_GB","og_type":"article","og_title":"Visuelles Management - saprima\u00ae - Compose your Success","og_description":"Projekte werden in Excel, MS-Projekt oder einem anderen vergleichbaren Tool geplant. Kapazit\u00e4tsplanung der Mitarbeiter wird von Ressourceverantwortlichen in unterschiedlichsten Excel Sheets gepflegt. Zus\u00e4tzlich kommen Urlaubstage, Fehlzeiten, Ist-Stunden aus unterschiedlichen Systemen.&hellip; Read more","og_url":"https:\/\/www.saprima.de\/en\/visuelles-management\/","og_site_name":"saprima\u00ae - Compose your Success","article_modified_time":"2021-10-13T11:21:08+00:00","og_image":[{"url":"https:\/\/www.saprima.de\/wp-content\/uploads\/Gantt-LEAN.png","type":"","width":"","height":""}],"twitter_card":"summary_large_image","twitter_site":"@saprima1","twitter_misc":{"Estimated reading time":"2 minutes"},"schema":{"@context":"https:\/\/schema.org","@graph":[{"@type":"WebPage","@id":"https:\/\/www.saprima.de\/visuelles-management\/","url":"https:\/\/www.saprima.de\/visuelles-management\/","name":"Visuelles Management - saprima\u00ae - Compose your Success","isPartOf":{"@id":"https:\/\/www.saprima.de\/de\/#website"},"primaryImageOfPage":{"@id":"https:\/\/www.saprima.de\/visuelles-management\/#primaryimage"},"image":{"@id":"https:\/\/www.saprima.de\/visuelles-management\/#primaryimage"},"thumbnailUrl":"https:\/\/www.saprima.de\/wp-content\/uploads\/Gantt-LEAN.png","datePublished":"2021-10-13T11:21:07+00:00","dateModified":"2021-10-13T11:21:08+00:00","breadcrumb":{"@id":"https:\/\/www.saprima.de\/visuelles-management\/#breadcrumb"},"inLanguage":"en-GB","potentialAction":[{"@type":"ReadAction","target":["https:\/\/www.saprima.de\/visuelles-management\/"]}]},{"@type":"ImageObject","inLanguage":"en-GB","@id":"https:\/\/www.saprima.de\/visuelles-management\/#primaryimage","url":"https:\/\/www.saprima.de\/wp-content\/uploads\/Gantt-LEAN.png","contentUrl":"https:\/\/www.saprima.de\/wp-content\/uploads\/Gantt-LEAN.png"},{"@type":"BreadcrumbList","@id":"https:\/\/www.saprima.de\/visuelles-management\/#breadcrumb","itemListElement":[{"@type":"ListItem","position":1,"name":"Startseite","item":"https:\/\/www.saprima.de\/"},{"@type":"ListItem","position":2,"name":"Visuelles Management"}]},{"@type":"WebSite","@id":"https:\/\/www.saprima.de\/de\/#website","url":"https:\/\/www.saprima.de\/de\/","name":"saprima\u00ae","description":"","publisher":{"@id":"https:\/\/www.saprima.de\/de\/#organization"},"potentialAction":[{"@type":"SearchAction","target":{"@type":"EntryPoint","urlTemplate":"https:\/\/www.saprima.de\/de\/?s={search_term_string}"},"query-input":{"@type":"PropertyValueSpecification","valueRequired":true,"valueName":"search_term_string"}}],"inLanguage":"en-GB"},{"@type":"Organization","@id":"https:\/\/www.saprima.de\/de\/#organization","name":"saprima GmbH","url":"https:\/\/www.saprima.de\/de\/","logo":{"@type":"ImageObject","inLanguage":"en-GB","@id":"https:\/\/www.saprima.de\/de\/#\/schema\/logo\/image\/","url":"https:\/\/www.saprima.de\/wp-content\/uploads\/saprima_final_transp.png","contentUrl":"https:\/\/www.saprima.de\/wp-content\/uploads\/saprima_final_transp.png","width":1468,"height":938,"caption":"saprima GmbH"},"image":{"@id":"https:\/\/www.saprima.de\/de\/#\/schema\/logo\/image\/"},"sameAs":["https:\/\/x.com\/saprima1","https:\/\/www.youtube.com\/user\/saprima2011"]}]}},"_links":{"self":[{"href":"https:\/\/www.saprima.de\/en\/wp-json\/wp\/v2\/pages\/11225","targetHints":{"allow":["GET"]}}],"collection":[{"href":"https:\/\/www.saprima.de\/en\/wp-json\/wp\/v2\/pages"}],"about":[{"href":"https:\/\/www.saprima.de\/en\/wp-json\/wp\/v2\/types\/page"}],"author":[{"embeddable":true,"href":"https:\/\/www.saprima.de\/en\/wp-json\/wp\/v2\/users\/2"}],"replies":[{"embeddable":true,"href":"https:\/\/www.saprima.de\/en\/wp-json\/wp\/v2\/comments?post=11225"}],"version-history":[{"count":22,"href":"https:\/\/www.saprima.de\/en\/wp-json\/wp\/v2\/pages\/11225\/revisions"}],"predecessor-version":[{"id":11296,"href":"https:\/\/www.saprima.de\/en\/wp-json\/wp\/v2\/pages\/11225\/revisions\/11296"}],"wp:attachment":[{"href":"https:\/\/www.saprima.de\/en\/wp-json\/wp\/v2\/media?parent=11225"}],"curies":[{"name":"wp","href":"https:\/\/api.w.org\/{rel}","templated":true}]}}